{"id":9171,"date":"2025-01-22T12:47:01","date_gmt":"2025-01-22T11:47:01","guid":{"rendered":"https:\/\/www.austriaguides.tirol\/veranstaltung\/welttag-2025-die-geschichte-des-kurortes-erwandern\/"},"modified":"2025-01-22T12:47:01","modified_gmt":"2025-01-22T11:47:01","slug":"welttag-2025-die-geschichte-des-kurortes-erwandern","status":"publish","type":"tribe_events","link":"https:\/\/www.austriaguides.tirol\/it\/veranstaltung\/welttag-2025-die-geschichte-des-kurortes-erwandern\/","title":{"rendered":"Welttag 2025: Die Geschichte des Kurortes erwandern"},"content":{"rendered":"<p>Diese Veranstaltung findet im Rahmen des Welttags der Fremdenf\u00fchrer 2025 statt.<\/p>\n<p>Bad H\u00e4ring feiert 2025 ein besonderes Jubil\u00e4um: seit nunmehr 60 Jahren tr\u00e4gt H\u00e4ring den Beinamen \u201eBad\u201c. Erfahren Sie von der einheimischen Fremdenf\u00fchrerin Rita Mauracher die Geschichte des Ortes vom Bauerndorf zum Kurort. Und wandern Sie mit ihr auf den Spuren der Bergknappen und dem immer noch brennenden Berg.<\/p>\n<p>Entsprechende Bekleidung und Schuhe sind Voraussetzung, da die Tour auch \u00fcber schmale Waldwege und ca. 150 H\u00f6henmeter f\u00fchrt.<\/p>\n<p>Start: 13:30 Uhr beim Gemeindeamt<\/p>\n<p>Ende: 15:30 Uhr beim Franziskibad<\/p>\n<p>Treffpunkt:<br \/>\nBeim Gemeindeamt, Bad H\u00e4ring<\/p>\n<p>Guide:<br \/>\nRita Mauracher<\/p>\n","protected":false},"excerpt":{"rendered":"<p>Diese Veranstaltung findet im Rahmen des Welttags der Fremdenf\u00fchrer 2025 statt. Bad H\u00e4ring feiert 2025 ein besonderes Jubil\u00e4um: seit nunmehr 60 Jahren tr\u00e4gt H\u00e4ring den Beinamen \u201eBad\u201c. Erfahren Sie von [&hellip;]<\/p>\n","protected":false},"author":2,"featured_media":0,"template":"","meta":{"_et_pb_use_builder":"","_et_pb_old_content":"","_et_gb_content_width":"","_tribe_events_status":"","_tribe_events_status_reason":"","_tribe_events_is_hybrid":"","_tribe_events_is_virtual":"","_tribe_events_virtual_video_source":"","_tribe_events_virtual_embed_video":"","_tribe_events_virtual_linked_button_text":"","_tribe_events_virtual_linked_button":"","_tribe_events_virtual_show_embed_at":"","_tribe_events_virtual_show_embed_to":[],"_tribe_events_virtual_show_on_event":"","_tribe_events_virtual_show_on_views":"","_tribe_events_virtual_url":"","footnotes":""},"tags":[],"tribe_events_cat":[43],"class_list":["post-9171","tribe_events","type-tribe_events","status-publish","hentry","tribe_events_cat-oeffentlich","cat_oeffentlich"],"_links":{"self":[{"href":"https:\/\/www.austriaguides.tirol\/it\/wp-json\/wp\/v2\/tribe_events\/9171","targetHints":{"allow":["GET"]}}],"collection":[{"href":"https:\/\/www.austriaguides.tirol\/it\/wp-json\/wp\/v2\/tribe_events"}],"about":[{"href":"https:\/\/www.austriaguides.tirol\/it\/wp-json\/wp\/v2\/types\/tribe_events"}],"author":[{"embeddable":true,"href":"https:\/\/www.austriaguides.tirol\/it\/wp-json\/wp\/v2\/users\/2"}],"version-history":[{"count":0,"href":"https:\/\/www.austriaguides.tirol\/it\/wp-json\/wp\/v2\/tribe_events\/9171\/revisions"}],"wp:attachment":[{"href":"https:\/\/www.austriaguides.tirol\/it\/wp-json\/wp\/v2\/media?parent=9171"}],"wp:term":[{"taxonomy":"post_tag","embeddable":true,"href":"https:\/\/www.austriaguides.tirol\/it\/wp-json\/wp\/v2\/tags?post=9171"},{"taxonomy":"tribe_events_cat","embeddable":true,"href":"https:\/\/www.austriaguides.tirol\/it\/wp-json\/wp\/v2\/tribe_events_cat?post=9171"}],"curies":[{"name":"wp","href":"https:\/\/api.w.org\/{rel}","templated":true}]}}