{"id":9124,"date":"2025-01-22T12:47:03","date_gmt":"2025-01-22T11:47:03","guid":{"rendered":"https:\/\/www.austriaguides.tirol\/veranstaltung\/welttag-2025-claudia-de-medici-eine-mutige-frau-am-landesfuerstlichen-hof\/"},"modified":"2025-02-16T17:10:26","modified_gmt":"2025-02-16T16:10:26","slug":"welttag-2025-claudia-de-medici-eine-mutige-frau-am-landesfuerstlichen-hof","status":"publish","type":"tribe_events","link":"https:\/\/www.austriaguides.tirol\/it\/veranstaltung\/welttag-2025-claudia-de-medici-eine-mutige-frau-am-landesfuerstlichen-hof\/","title":{"rendered":"Welttag 2025: Claudia de\u2019 Medici, eine mutige Frau am landesf\u00fcrstlichen Hof"},"content":{"rendered":"<p>Welttag der Fremdenf\u00fchrer 2025<\/p>\n<p>Leider kann die f\u00fcr den <strong>22. Februar um 11:15 Uhr<\/strong> geplante Stadtf\u00fchrung <strong>\u201eClaudia de\u2019 Medici \u2013 eine mutige Frau am landesf\u00fcrstlichen Hof\u201c<\/strong> nicht stattfinden, da der Guide kurzfristig ausf\u00e4llt.<\/p>\n<p>Wir bedauern das sehr und danken Ihnen f\u00fcr Ihr Verst\u00e4ndnis. Gerne laden wir Sie ein, einen Blick auf unser weiteres F\u00fchrungsangebot zu werfen \u2013 es sind noch Pl\u00e4tze bei anderen spannenden Touren verf\u00fcgbar.<\/p>\n","protected":false},"excerpt":{"rendered":"<p>Welttag der Fremdenf\u00fchrer 2025 Leider kann die f\u00fcr den 22. Februar um 11:15 Uhr geplante Stadtf\u00fchrung \u201eClaudia de\u2019 Medici \u2013 eine mutige Frau am landesf\u00fcrstlichen Hof\u201c nicht stattfinden, da der [&hellip;]<\/p>\n","protected":false},"author":2,"featured_media":0,"template":"","meta":{"_et_pb_use_builder":"","_et_pb_old_content":"","_et_gb_content_width":"","_tribe_events_status":"","_tribe_events_status_reason":"","_tribe_events_is_hybrid":"","_tribe_events_is_virtual":"","_tribe_events_virtual_video_source":"","_tribe_events_virtual_embed_video":"","_tribe_events_virtual_linked_button_text":"","_tribe_events_virtual_linked_button":"","_tribe_events_virtual_show_embed_at":"","_tribe_events_virtual_show_embed_to":[],"_tribe_events_virtual_show_on_event":"","_tribe_events_virtual_show_on_views":"","_tribe_events_virtual_url":"","footnotes":""},"tags":[],"tribe_events_cat":[43],"class_list":["post-9124","tribe_events","type-tribe_events","status-publish","hentry","tribe_events_cat-oeffentlich","cat_oeffentlich"],"_links":{"self":[{"href":"https:\/\/www.austriaguides.tirol\/it\/wp-json\/wp\/v2\/tribe_events\/9124","targetHints":{"allow":["GET"]}}],"collection":[{"href":"https:\/\/www.austriaguides.tirol\/it\/wp-json\/wp\/v2\/tribe_events"}],"about":[{"href":"https:\/\/www.austriaguides.tirol\/it\/wp-json\/wp\/v2\/types\/tribe_events"}],"author":[{"embeddable":true,"href":"https:\/\/www.austriaguides.tirol\/it\/wp-json\/wp\/v2\/users\/2"}],"version-history":[{"count":0,"href":"https:\/\/www.austriaguides.tirol\/it\/wp-json\/wp\/v2\/tribe_events\/9124\/revisions"}],"wp:attachment":[{"href":"https:\/\/www.austriaguides.tirol\/it\/wp-json\/wp\/v2\/media?parent=9124"}],"wp:term":[{"taxonomy":"post_tag","embeddable":true,"href":"https:\/\/www.austriaguides.tirol\/it\/wp-json\/wp\/v2\/tags?post=9124"},{"taxonomy":"tribe_events_cat","embeddable":true,"href":"https:\/\/www.austriaguides.tirol\/it\/wp-json\/wp\/v2\/tribe_events_cat?post=9124"}],"curies":[{"name":"wp","href":"https:\/\/api.w.org\/{rel}","templated":true}]}}