{"id":8541,"date":"2024-03-02T21:04:55","date_gmt":"2024-03-02T20:04:55","guid":{"rendered":"https:\/\/www.austriaguides.tirol\/?post_type=tribe_events&#038;p=8541"},"modified":"2024-04-23T12:22:05","modified_gmt":"2024-04-23T10:22:05","slug":"fortbildungsfahrt-nach-suedtirol-rodenegg-und-kloster-neustift","status":"publish","type":"tribe_events","link":"https:\/\/www.austriaguides.tirol\/it\/veranstaltung\/fortbildungsfahrt-nach-suedtirol-rodenegg-und-kloster-neustift\/","title":{"rendered":"\u201eFortbildungsfahrt nach S\u00fcdtirol &#8211; Schloss Rodenegg und Kloster Neustift\u201c"},"content":{"rendered":"<p>[et_pb_section fb_built=&#8221;1&#8243; admin_label=&#8221;section&#8221; _builder_version=&#8221;4.16&#8243; global_colors_info=&#8221;{}&#8221;][et_pb_row admin_label=&#8221;row&#8221; _builder_version=&#8221;4.19.5&#8243; background_size=&#8221;initial&#8221; background_position=&#8221;top_left&#8221; background_repeat=&#8221;repeat&#8221; width=&#8221;100%&#8221; global_colors_info=&#8221;{}&#8221;][et_pb_column type=&#8221;4_4&#8243; _builder_version=&#8221;4.16&#8243; custom_padding=&#8221;|||&#8221; global_colors_info=&#8221;{}&#8221; custom_padding__hover=&#8221;|||&#8221;][et_pb_text admin_label=&#8221;Text&#8221; _builder_version=&#8221;4.19.5&#8243; background_size=&#8221;initial&#8221; background_position=&#8221;top_left&#8221; background_repeat=&#8221;repeat&#8221; hover_enabled=&#8221;0&#8243; global_colors_info=&#8221;{}&#8221; sticky_enabled=&#8221;0&#8243;]<\/p>\n<p><strong>Das weltliche und geistliche S\u00fcdtirol &#8211; Zwei Perlen in der Umgebung von Brixen<br \/>\n<\/strong><\/p>\n<p>Diese Fortbildungsfahrt f\u00fchrt uns nach S\u00fcdtirol. Auf dem Weg in den S\u00fcden machen wir einen Stopp in Sch\u00f6nberg und besichtigen die Europakapelle, als Symbol der Vernetzung der Landesteile n\u00f6rdlich und s\u00fcdlich des Brenners. Der S\u00fcdtiroler K\u00fcnstler Karl Plattner hat die wunderbaren Fresken der Kapelle gemalt. Wir fahren dann weiter nach Rodeneck und besichtigen Schloss Rodenegg. Das Schloss ist unter anderem bekannt f\u00fcr die \u00e4ltesten profanen Wandmalereien des deutschen Sprachraums, die Iweinfresken, aus der Zeit 1200 &#8211; 1230. Nach einem Mittagessen in einem lokalen Restaurant besichtigen wir das Kloster Neustift. Die gef\u00fchrte Tour f\u00fchrt uns durch Kirche und Kloster, wir werden auch die M\u00f6glichkeit haben die sogenannte Engelsburg und die St. Viktorkapelle zu besichtigen, die normalerweise nicht zug\u00e4nglich sind. Das Kloster ist bekannt f\u00fcr seinen Weinkeller und wir werden nach einer gef\u00fchrten Tour durch den Weingarten auch drei Weine des Klosters in geselligem Rahmen verkosten.<\/p>\n<p>Der Selbsbehalt f\u00fcr diese Fortbildungsfahrt betr\u00e4gt EUR 40.-, ein Teil der Kosten ist dabei bereits vom Verein TAT \u00fcbernommen. Inkludiert in die EUR 40.- sind Kosten f\u00fcr den Reisebus, die Eintritte und F\u00fchrungen und die Weinverkostung. Zus\u00e4tzlich fallen Kosten an f\u00fcr Mittagessen und eventuelle Eink\u00e4ufe im Klosterladen, diese sind von den Mitgliedern selbst zu bezahlen. Wir werden auch mit Fremdenf\u00fchrerInnen aus S\u00fcdtirol Kontakt aufnehmen und versuchen, die Beziehung \u00fcber die Landesgrenzen wieder neu zu beleben.<\/p>\n<p><strong>Titel:<\/strong> Fortbildungsfahrt nach S\u00fcdtirol &#8211; Schloss Rodenegg und Kloster Neustift<\/p>\n<p><strong>Termin:<\/strong> 7.5.2024 um 8:00 &#8211; 18:30 (geplante Ankunft Innsbruck)<br \/>\n<strong>Treffpunkt:<\/strong> Busparkplatz Innsbruck 7:50, Abfahrt 8:00. Bzw. Zustieg m\u00f6glich Basilika Wilten Abfahrt 8:10 (bei Zustieg Basilika bitte Mitteilung an Clemens Lindig unter clemens.lindig@japanservices.at).<\/p>\n<p><strong>Reiseleitung:<\/strong> Clemens Lindig<br \/>\n<strong>Dauer:<\/strong> Ganztagesausflug<br \/>\n<strong>Min. und Max. TeilnehmerInnenzahl:<\/strong> mindestens 25 Personen, maximal 35 Personen<br \/>\n<strong>Anmeldeschluss: <\/strong>3.5.2024 um 12:00 Uhr<\/p>\n<p><strong>Teilnahmekosten: <\/strong>EUR 40.-\/Person (nur f\u00fcr TAT Mitglieder)<\/p>\n<p><strong>Stornobedingungen: <\/strong>Bei Abmeldung nach dem 23.4.2024 oder Nichterscheinen fallen Stornokosten in H\u00f6he von EUR 40.- an bzw. ist es auch m\u00f6glich, selbst\u00e4ndig f\u00fcr Ersatz zu sorgen (Dies ist uns rechtzeitig mitzuteilen). Die Teilnahmekosten werden von uns direkt im Bus eingesammelt.<\/p>\n<p>[\/et_pb_text][\/et_pb_column][\/et_pb_row][\/et_pb_section]<\/p>\n","protected":false},"excerpt":{"rendered":"<p>[et_pb_section fb_built=&#8221;1&#8243; admin_label=&#8221;section&#8221; _builder_version=&#8221;4.16&#8243; global_colors_info=&#8221;{}&#8221;][et_pb_row admin_label=&#8221;row&#8221; _builder_version=&#8221;4.19.5&#8243; background_size=&#8221;initial&#8221; background_position=&#8221;top_left&#8221; background_repeat=&#8221;repeat&#8221; width=&#8221;100%&#8221; global_colors_info=&#8221;{}&#8221;][et_pb_column type=&#8221;4_4&#8243; _builder_version=&#8221;4.16&#8243; custom_padding=&#8221;|||&#8221; global_colors_info=&#8221;{}&#8221; custom_padding__hover=&#8221;|||&#8221;][et_pb_text admin_label=&#8221;Text&#8221; _builder_version=&#8221;4.19.5&#8243; background_size=&#8221;initial&#8221; background_position=&#8221;top_left&#8221; background_repeat=&#8221;repeat&#8221; hover_enabled=&#8221;0&#8243; global_colors_info=&#8221;{}&#8221; sticky_enabled=&#8221;0&#8243;] Das weltliche und geistliche S\u00fcdtirol [&hellip;]<\/p>\n","protected":false},"author":1328,"featured_media":8542,"template":"","meta":{"_et_pb_use_builder":"","_et_pb_old_content":"","_et_gb_content_width":"","_tribe_events_status":"","_tribe_events_status_reason":"","_tribe_events_is_hybrid":"","_tribe_events_is_virtual":"","_tribe_events_virtual_video_source":"","_tribe_events_virtual_embed_video":"","_tribe_events_virtual_linked_button_text":"","_tribe_events_virtual_linked_button":"","_tribe_events_virtual_show_embed_at":"","_tribe_events_virtual_show_embed_to":[],"_tribe_events_virtual_show_on_event":"","_tribe_events_virtual_show_on_views":"","_tribe_events_virtual_url":"","footnotes":""},"tags":[],"tribe_events_cat":[42],"class_list":["post-8541","tribe_events","type-tribe_events","status-publish","has-post-thumbnail","hentry","tribe_events_cat-intern","cat_intern"],"_links":{"self":[{"href":"https:\/\/www.austriaguides.tirol\/it\/wp-json\/wp\/v2\/tribe_events\/8541","targetHints":{"allow":["GET"]}}],"collection":[{"href":"https:\/\/www.austriaguides.tirol\/it\/wp-json\/wp\/v2\/tribe_events"}],"about":[{"href":"https:\/\/www.austriaguides.tirol\/it\/wp-json\/wp\/v2\/types\/tribe_events"}],"author":[{"embeddable":true,"href":"https:\/\/www.austriaguides.tirol\/it\/wp-json\/wp\/v2\/users\/1328"}],"version-history":[{"count":0,"href":"https:\/\/www.austriaguides.tirol\/it\/wp-json\/wp\/v2\/tribe_events\/8541\/revisions"}],"wp:featuredmedia":[{"embeddable":true,"href":"https:\/\/www.austriaguides.tirol\/it\/wp-json\/wp\/v2\/media\/8542"}],"wp:attachment":[{"href":"https:\/\/www.austriaguides.tirol\/it\/wp-json\/wp\/v2\/media?parent=8541"}],"wp:term":[{"taxonomy":"post_tag","embeddable":true,"href":"https:\/\/www.austriaguides.tirol\/it\/wp-json\/wp\/v2\/tags?post=8541"},{"taxonomy":"tribe_events_cat","embeddable":true,"href":"https:\/\/www.austriaguides.tirol\/it\/wp-json\/wp\/v2\/tribe_events_cat?post=8541"}],"curies":[{"name":"wp","href":"https:\/\/api.w.org\/{rel}","templated":true}]}}