{"id":7896,"date":"2023-12-26T21:53:53","date_gmt":"2023-12-26T20:53:53","guid":{"rendered":"https:\/\/www.itf-guides.at\/?post_type=tribe_events&#038;p=7896"},"modified":"2024-02-12T09:30:27","modified_gmt":"2024-02-12T08:30:27","slug":"das-wiedereroeffnete-zeughaus-1-termin","status":"publish","type":"tribe_events","link":"https:\/\/www.austriaguides.tirol\/it\/veranstaltung\/das-wiedereroeffnete-zeughaus-1-termin\/","title":{"rendered":"\u201eDas wiederer\u00f6ffnete Zeughaus\u201c 1. Termin"},"content":{"rendered":"<p>[et_pb_section fb_built=&#8221;1&#8243; admin_label=&#8221;section&#8221; _builder_version=&#8221;4.16&#8243; global_colors_info=&#8221;{}&#8221;][et_pb_row admin_label=&#8221;row&#8221; _builder_version=&#8221;4.19.5&#8243; background_size=&#8221;initial&#8221; background_position=&#8221;top_left&#8221; background_repeat=&#8221;repeat&#8221; width=&#8221;100%&#8221; global_colors_info=&#8221;{}&#8221;][et_pb_column type=&#8221;4_4&#8243; _builder_version=&#8221;4.16&#8243; custom_padding=&#8221;|||&#8221; global_colors_info=&#8221;{}&#8221; custom_padding__hover=&#8221;|||&#8221;][et_pb_text admin_label=&#8221;Text&#8221; _builder_version=&#8221;4.19.5&#8243; background_size=&#8221;initial&#8221; background_position=&#8221;top_left&#8221; background_repeat=&#8221;repeat&#8221; hover_enabled=&#8221;0&#8243; global_colors_info=&#8221;{}&#8221; sticky_enabled=&#8221;0&#8243;]<\/p>\n<p>Nachdem die 1999 er\u00f6ffnete vormalige Dauerausstellung nach 23 Jahren abgebaut wurde, ist es nun Zeit f\u00fcr frischen Wind im Museum im Zeughaus. Mit dem \u201eMensch\u201c und der \u201eLandschaft\u201c im Fokus, wird ab April 2024 die neue kulturgeschichtliche Dauerausstellung auf \u00fcber 1600m\u00b2 pr\u00e4sentiert werden. Der Gro\u00dfteil stammt aus den hauseigenen Sammlungen der Tiroler Landesmuseen, einzelne Objekte werden auch von anderen Museen, Institutionen oder Sammlungen ausgeliehen.<\/p>\n<p>Der Bereichsleiter Arch\u00e4ologie, Mag. Wolfgang S\u00f6lder, wird uns einen \u00dcberblick nach dem Umbau geben. Gro\u00dfes Thema der Ausstellung ist das Spannungsfeld zwischen der Landschaft bzw. der Lage des historischen Tirol inmitten Europas und den Menschen, die hier leb(t)en. Uns erwartet ein spannender Einblick in die historischen Trakte die mit \u201eneuer\u201c Historie bef\u00fcllt werden!<\/p>\n<p>Auf Grund der R\u00e4umlichkeiten wird es 2 Termine mit jeweils max. 15 Teilnehmern geben. F\u00fcr den 2. Termin am 11.4.2024 bitte \u00fcber die entsprechende Seite anmelden. Hier nur Anmeldungen f\u00fcr den 9.4.2024.<\/p>\n<p><strong>Titel:<\/strong> DAS WIEDERER\u00d6FFNETE ZEUGHAUS<\/p>\n<p><strong>Termin:<\/strong> 9.4.2024 um 14:00 &#8211; 15:30<br \/>\n<strong>Treffpunkt:<\/strong> Zeughaus Innsbruck<br \/>\n<strong>Referent:<\/strong> Herr Mag. Wolfgang S\u00f6lder, Sammlungsleiter*in \/ Bereichsleiter*in Arch\u00e4ologische Sammlung<\/p>\n<p><strong>Dauer:<\/strong> ca. 1,5 Stunden<br \/>\n<strong>Max. TeilnehmerInnenzahl:<\/strong> max. 15 Personen<br \/>\n<strong>Anmeldeschluss: <\/strong>8.4.2024 um 12:00 Uhr<\/p>\n<p>[\/et_pb_text][\/et_pb_column][\/et_pb_row][\/et_pb_section]<\/p>\n","protected":false},"excerpt":{"rendered":"<p>[et_pb_section fb_built=&#8221;1&#8243; admin_label=&#8221;section&#8221; _builder_version=&#8221;4.16&#8243; global_colors_info=&#8221;{}&#8221;][et_pb_row admin_label=&#8221;row&#8221; _builder_version=&#8221;4.19.5&#8243; background_size=&#8221;initial&#8221; background_position=&#8221;top_left&#8221; background_repeat=&#8221;repeat&#8221; width=&#8221;100%&#8221; global_colors_info=&#8221;{}&#8221;][et_pb_column type=&#8221;4_4&#8243; _builder_version=&#8221;4.16&#8243; custom_padding=&#8221;|||&#8221; global_colors_info=&#8221;{}&#8221; custom_padding__hover=&#8221;|||&#8221;][et_pb_text admin_label=&#8221;Text&#8221; _builder_version=&#8221;4.19.5&#8243; background_size=&#8221;initial&#8221; background_position=&#8221;top_left&#8221; background_repeat=&#8221;repeat&#8221; hover_enabled=&#8221;0&#8243; global_colors_info=&#8221;{}&#8221; sticky_enabled=&#8221;0&#8243;] Nachdem die 1999 er\u00f6ffnete vormalige [&hellip;]<\/p>\n","protected":false},"author":1328,"featured_media":7897,"template":"","meta":{"_et_pb_use_builder":"","_et_pb_old_content":"","_et_gb_content_width":"","_tribe_events_status":"","_tribe_events_status_reason":"","_tribe_events_is_hybrid":"","_tribe_events_is_virtual":"","_tribe_events_virtual_video_source":"","_tribe_events_virtual_embed_video":"","_tribe_events_virtual_linked_button_text":"","_tribe_events_virtual_linked_button":"","_tribe_events_virtual_show_embed_at":"","_tribe_events_virtual_show_embed_to":[],"_tribe_events_virtual_show_on_event":"","_tribe_events_virtual_show_on_views":"","_tribe_events_virtual_url":"","footnotes":""},"tags":[],"tribe_events_cat":[42],"class_list":["post-7896","tribe_events","type-tribe_events","status-publish","has-post-thumbnail","hentry","tribe_events_cat-intern","cat_intern"],"_links":{"self":[{"href":"https:\/\/www.austriaguides.tirol\/it\/wp-json\/wp\/v2\/tribe_events\/7896","targetHints":{"allow":["GET"]}}],"collection":[{"href":"https:\/\/www.austriaguides.tirol\/it\/wp-json\/wp\/v2\/tribe_events"}],"about":[{"href":"https:\/\/www.austriaguides.tirol\/it\/wp-json\/wp\/v2\/types\/tribe_events"}],"author":[{"embeddable":true,"href":"https:\/\/www.austriaguides.tirol\/it\/wp-json\/wp\/v2\/users\/1328"}],"version-history":[{"count":0,"href":"https:\/\/www.austriaguides.tirol\/it\/wp-json\/wp\/v2\/tribe_events\/7896\/revisions"}],"wp:featuredmedia":[{"embeddable":true,"href":"https:\/\/www.austriaguides.tirol\/it\/wp-json\/wp\/v2\/media\/7897"}],"wp:attachment":[{"href":"https:\/\/www.austriaguides.tirol\/it\/wp-json\/wp\/v2\/media?parent=7896"}],"wp:term":[{"taxonomy":"post_tag","embeddable":true,"href":"https:\/\/www.austriaguides.tirol\/it\/wp-json\/wp\/v2\/tags?post=7896"},{"taxonomy":"tribe_events_cat","embeddable":true,"href":"https:\/\/www.austriaguides.tirol\/it\/wp-json\/wp\/v2\/tribe_events_cat?post=7896"}],"curies":[{"name":"wp","href":"https:\/\/api.w.org\/{rel}","templated":true}]}}