{"id":4278,"date":"2008-11-22T00:00:00","date_gmt":"2008-11-21T23:00:00","guid":{"rendered":"https:\/\/2022.itf-tirol-guides.at\/veranstaltungen\/franzensfeste-und-symposium-der-nord-suedtiroler-und-trentiner-fremdenfuehrer-22-11-2008\/"},"modified":"2022-12-09T00:08:42","modified_gmt":"2022-12-08T23:08:42","slug":"franzensfeste-und-symposium-der-nord-suedtiroler-und-trentiner-fremdenfuehrer-22-11-2008","status":"publish","type":"tribe_events","link":"https:\/\/www.austriaguides.tirol\/fr\/veranstaltung\/franzensfeste-und-symposium-der-nord-suedtiroler-und-trentiner-fremdenfuehrer-22-11-2008\/","title":{"rendered":"Franzensfeste und Symposium der Nord-, S\u00fcdtiroler und Trentiner Fremdenf\u00fchrer &#8211; 22.11.2008"},"content":{"rendered":"<p>Endlich ist es uns gelungen, einen Termin f\u00fcr eine Spezialbesichtigung der Franzensfeste zu vereinbaren! Da diese durch die diesj\u00e4hrige MANIFESTA im Rampenlicht der Medien stand, ist sie umso mehr zu einem interessanten Besichtigungsobjekt f\u00fcr unsere Gruppen geworden. Nach einer gem\u00fctlichen Mittagspause in Bozen beginnt das Symposium der Nord-, S\u00fcdtiroler und Trentiner Fremdenf\u00fchrer auf Schloss Maretsch. Es werden uns verschiedene interessante Vortr\u00e4ge geboten (der Adlerturm in Trient \/ Florian Waldauf und die Haller Stubengesellschaft \/ die R\u00e4ter), unterbrochen von einem kleinen Buffet. Anschlie\u00dfend haben wir Gelegenheit mit Kollegen aus S\u00fcdtirol und dem Trentino Erfahrungen auszutauschen.<\/p>\n","protected":false},"excerpt":{"rendered":"<p>Endlich ist es uns gelungen, einen Termin f\u00fcr eine Spezialbesichtigung der Franzensfeste zu vereinbaren! Da diese durch die diesj\u00e4hrige MANIFESTA im Rampenlicht der Medien stand, ist sie umso mehr zu [&hellip;]<\/p>\n","protected":false},"author":2,"featured_media":0,"template":"","meta":{"_et_pb_use_builder":"","_et_pb_old_content":"","_et_gb_content_width":"","_tribe_events_status":"","_tribe_events_status_reason":"","_tribe_events_is_hybrid":"","_tribe_events_is_virtual":"","_tribe_events_virtual_video_source":"","_tribe_events_virtual_embed_video":"","_tribe_events_virtual_linked_button_text":"","_tribe_events_virtual_linked_button":"","_tribe_events_virtual_show_embed_at":"","_tribe_events_virtual_show_embed_to":[],"_tribe_events_virtual_show_on_event":"","_tribe_events_virtual_show_on_views":"","_tribe_events_virtual_url":"","footnotes":""},"tags":[],"tribe_events_cat":[42],"class_list":["post-4278","tribe_events","type-tribe_events","status-publish","hentry","tribe_events_cat-intern","cat_intern"],"_links":{"self":[{"href":"https:\/\/www.austriaguides.tirol\/fr\/wp-json\/wp\/v2\/tribe_events\/4278","targetHints":{"allow":["GET"]}}],"collection":[{"href":"https:\/\/www.austriaguides.tirol\/fr\/wp-json\/wp\/v2\/tribe_events"}],"about":[{"href":"https:\/\/www.austriaguides.tirol\/fr\/wp-json\/wp\/v2\/types\/tribe_events"}],"author":[{"embeddable":true,"href":"https:\/\/www.austriaguides.tirol\/fr\/wp-json\/wp\/v2\/users\/2"}],"version-history":[{"count":0,"href":"https:\/\/www.austriaguides.tirol\/fr\/wp-json\/wp\/v2\/tribe_events\/4278\/revisions"}],"wp:attachment":[{"href":"https:\/\/www.austriaguides.tirol\/fr\/wp-json\/wp\/v2\/media?parent=4278"}],"wp:term":[{"taxonomy":"post_tag","embeddable":true,"href":"https:\/\/www.austriaguides.tirol\/fr\/wp-json\/wp\/v2\/tags?post=4278"},{"taxonomy":"tribe_events_cat","embeddable":true,"href":"https:\/\/www.austriaguides.tirol\/fr\/wp-json\/wp\/v2\/tribe_events_cat?post=4278"}],"curies":[{"name":"wp","href":"https:\/\/api.w.org\/{rel}","templated":true}]}}