{"id":7894,"date":"2023-12-26T20:55:46","date_gmt":"2023-12-26T19:55:46","guid":{"rendered":"https:\/\/www.itf-guides.at\/veranstaltung\/geld-macht-geschichte-1-termin\/"},"modified":"2023-12-28T15:20:00","modified_gmt":"2023-12-28T14:20:00","slug":"geld-macht-geschichte-3","status":"publish","type":"tribe_events","link":"https:\/\/www.austriaguides.tirol\/en\/veranstaltung\/geld-macht-geschichte-3\/","title":{"rendered":"\u201egeld macht geschichte\u201c 1. Termin"},"content":{"rendered":"<p>[et_pb_section fb_built=&#8221;1&#8243; admin_label=&#8221;section&#8221; _builder_version=&#8221;4.16&#8243; global_colors_info=&#8221;{}&#8221;][et_pb_row admin_label=&#8221;row&#8221; _builder_version=&#8221;4.19.5&#8243; background_size=&#8221;initial&#8221; background_position=&#8221;top_left&#8221; background_repeat=&#8221;repeat&#8221; width=&#8221;100%&#8221; global_colors_info=&#8221;{}&#8221;][et_pb_column type=&#8221;4_4&#8243; _builder_version=&#8221;4.16&#8243; custom_padding=&#8221;|||&#8221; global_colors_info=&#8221;{}&#8221; custom_padding__hover=&#8221;|||&#8221;][et_pb_text admin_label=&#8221;Text&#8221; _builder_version=&#8221;4.19.5&#8243; background_size=&#8221;initial&#8221; background_position=&#8221;top_left&#8221; background_repeat=&#8221;repeat&#8221; hover_enabled=&#8221;0&#8243; global_colors_info=&#8221;{}&#8221; sticky_enabled=&#8221;0&#8243;]<\/p>\n<p>M\u00fcnzen sind heute in erster Linie zum Zahlen da. Doch das war nicht immer so. Die Sonderausstellung \u201egeld macht geschichte. R\u00f6mische M\u00fcnzen erz\u00e4hlen\u201c nimmt die Besucher*innen im Zeughaus mit in die Vergangenheit, als M\u00fcnzen noch zu ganz anderen Zwecken dienten. Anhand der M\u00fcnzen der Arch\u00e4ologischen Sammlung der Tiroler Landesmuseen erz\u00e4hlt die Schau von den politischen und wirtschaftlichen Verh\u00e4ltnissen l\u00e4ngst vergangener Zeiten, damaligen Herrschern, Siedlungsgeschichte und kultischen Br\u00e4uchen.<\/p>\n<p>Der Kurator der Sonderausstellung, Herr Mag. Anton H\u00f6ck wird uns pers\u00f6nlich durch die Ausstellung f\u00fchren!<\/p>\n<p>Auf Grund der R\u00e4umlichkeiten wird es 2 Termine mit jeweils max. 15 Teilnehmern geben. F\u00fcr den 2. Termin am 10.1.2024 bitte \u00fcber die entsprechende Seite anmelden. Hier nur Anmeldungen f\u00fcr den 9.1.2024.<\/p>\n<p>Titel: GELD MACHT GESCHICHTE<\/p>\n<p><strong>Termin:<\/strong> 9.1.2024 um 14:00 &#8211; 15:30<br \/>\n<strong>Treffpunkt:<\/strong> Zeughaus Innsbruck<br \/>\n<strong>Referent:<\/strong> Herr Mag. H\u00f6ck Anton, Kurator der Sonderausstellung<br \/>\n<strong>Dauer:<\/strong> ca. 1,5 Stunde<br \/>\n<strong>Max. TeilnehmerInnenzahl:<\/strong> max. 15 Personen<br \/>\n<strong>Anmeldeschluss: <\/strong>8.1.2024 um 12:00 Uhr<\/p>\n<p>[\/et_pb_text][\/et_pb_column][\/et_pb_row][\/et_pb_section]<\/p>\n","protected":false},"excerpt":{"rendered":"<p>[et_pb_section fb_built=&#8221;1&#8243; admin_label=&#8221;section&#8221; _builder_version=&#8221;4.16&#8243; global_colors_info=&#8221;{}&#8221;][et_pb_row admin_label=&#8221;row&#8221; _builder_version=&#8221;4.19.5&#8243; background_size=&#8221;initial&#8221; background_position=&#8221;top_left&#8221; background_repeat=&#8221;repeat&#8221; width=&#8221;100%&#8221; global_colors_info=&#8221;{}&#8221;][et_pb_column type=&#8221;4_4&#8243; _builder_version=&#8221;4.16&#8243; custom_padding=&#8221;|||&#8221; global_colors_info=&#8221;{}&#8221; custom_padding__hover=&#8221;|||&#8221;][et_pb_text admin_label=&#8221;Text&#8221; _builder_version=&#8221;4.19.5&#8243; background_size=&#8221;initial&#8221; background_position=&#8221;top_left&#8221; background_repeat=&#8221;repeat&#8221; hover_enabled=&#8221;0&#8243; global_colors_info=&#8221;{}&#8221; sticky_enabled=&#8221;0&#8243;] M\u00fcnzen sind heute in erster [&hellip;]<\/p>\n","protected":false},"author":1328,"featured_media":7882,"template":"","meta":{"_et_pb_use_builder":"","_et_pb_old_content":"","_et_gb_content_width":"","_tribe_events_status":"","_tribe_events_status_reason":"","_tribe_events_is_hybrid":"","_tribe_events_is_virtual":"","_tribe_events_virtual_video_source":"","_tribe_events_virtual_embed_video":"","_tribe_events_virtual_linked_button_text":"","_tribe_events_virtual_linked_button":"","_tribe_events_virtual_show_embed_at":"","_tribe_events_virtual_show_embed_to":[],"_tribe_events_virtual_show_on_event":"","_tribe_events_virtual_show_on_views":"","_tribe_events_virtual_url":"","footnotes":""},"tags":[],"tribe_events_cat":[42],"class_list":["post-7894","tribe_events","type-tribe_events","status-publish","has-post-thumbnail","hentry","tribe_events_cat-intern","cat_intern"],"_links":{"self":[{"href":"https:\/\/www.austriaguides.tirol\/en\/wp-json\/wp\/v2\/tribe_events\/7894","targetHints":{"allow":["GET"]}}],"collection":[{"href":"https:\/\/www.austriaguides.tirol\/en\/wp-json\/wp\/v2\/tribe_events"}],"about":[{"href":"https:\/\/www.austriaguides.tirol\/en\/wp-json\/wp\/v2\/types\/tribe_events"}],"author":[{"embeddable":true,"href":"https:\/\/www.austriaguides.tirol\/en\/wp-json\/wp\/v2\/users\/1328"}],"version-history":[{"count":0,"href":"https:\/\/www.austriaguides.tirol\/en\/wp-json\/wp\/v2\/tribe_events\/7894\/revisions"}],"wp:featuredmedia":[{"embeddable":true,"href":"https:\/\/www.austriaguides.tirol\/en\/wp-json\/wp\/v2\/media\/7882"}],"wp:attachment":[{"href":"https:\/\/www.austriaguides.tirol\/en\/wp-json\/wp\/v2\/media?parent=7894"}],"wp:term":[{"taxonomy":"post_tag","embeddable":true,"href":"https:\/\/www.austriaguides.tirol\/en\/wp-json\/wp\/v2\/tags?post=7894"},{"taxonomy":"tribe_events_cat","embeddable":true,"href":"https:\/\/www.austriaguides.tirol\/en\/wp-json\/wp\/v2\/tribe_events_cat?post=7894"}],"curies":[{"name":"wp","href":"https:\/\/api.w.org\/{rel}","templated":true}]}}