{"id":10142,"date":"2026-03-17T11:17:09","date_gmt":"2026-03-17T10:17:09","guid":{"rendered":"https:\/\/www.austriaguides.tirol\/?post_type=tribe_events&#038;p=10142"},"modified":"2026-03-18T15:39:00","modified_gmt":"2026-03-18T14:39:00","slug":"der-letzte-weg-jakob-huters","status":"publish","type":"tribe_events","link":"https:\/\/www.austriaguides.tirol\/en\/veranstaltung\/der-letzte-weg-jakob-huters\/","title":{"rendered":"\u201eDer letzte Weg Jakob Huters\u201c"},"content":{"rendered":"<p>[et_pb_section fb_built=&#8221;1&#8243; admin_label=&#8221;section&#8221; _builder_version=&#8221;4.16&#8243; global_colors_info=&#8221;{}&#8221;][et_pb_row admin_label=&#8221;row&#8221; _builder_version=&#8221;4.19.5&#8243; background_size=&#8221;initial&#8221; background_position=&#8221;top_left&#8221; background_repeat=&#8221;repeat&#8221; width=&#8221;100%&#8221; global_colors_info=&#8221;{}&#8221;][et_pb_column type=&#8221;4_4&#8243; _builder_version=&#8221;4.16&#8243; custom_padding=&#8221;|||&#8221; global_colors_info=&#8221;{}&#8221; custom_padding__hover=&#8221;|||&#8221;][et_pb_text admin_label=&#8221;Text&#8221; _builder_version=&#8221;4.19.5&#8243; background_size=&#8221;initial&#8221; background_position=&#8221;top_left&#8221; background_repeat=&#8221;repeat&#8221; hover_enabled=&#8221;0&#8243; global_colors_info=&#8221;{}&#8221; sticky_enabled=&#8221;0&#8243;]<\/p>\n<p><strong>Der letzte Weg Jakob Huters<\/strong><\/p>\n<p>Wie bereits bei der Fortbildung zur Geschichte der T\u00e4ufer in Tirol angek\u00fcndigt, findet im Mai die zweite Veranstaltung statt. Wir gehen dabei vom Hutterer Park im Saggen dem Inn entlang mit einem Stopp beim Innsteg. Dort h\u00f6ren wir vom Gerbermeister Zeller, der T\u00e4ufern geholfen hat. Wir folgen dem Inn zur Herrengasse und gehen \u00fcber verschiedene Stationen in der Altstadt, vom Platz des Kr\u00e4uterurms, dem ehemaligen landesf\u00fcrstlichen Kerker, bis vor das Goldene Dachl, seiner Hinrichtungsst\u00e4tte. Unsere Kollegin Karola Czernohaus wird uns dabei eine Einf\u00fchrung in die Geschichte der Hutterer, als auch Einblicke in diesen letzten Weg Jakob Huters geben. Es wird auch wieder Eduard Geissler, Vorsitzender des Hutterer Arbeitskreises f\u00fcr Tirol und S\u00fcdtirol dabei sein.<\/p>\n<p><strong>Titel: Der letzte Weg <\/strong><strong>Jakob Huters<\/strong><\/p>\n<p><strong>Termin:<\/strong> 11.5.2026 um 17:00 &#8211; ca. 19:00<br \/>\n<strong>Treffpunkt:<\/strong> 16:50 Hutterer Park am Hans Psennersteg im Saggen<br \/>\n<strong>Referentin:<\/strong> Dr. Karola Czernohaus<br \/>\n<strong>Dauer:<\/strong> ca. 2 Stunden<br \/>\n<strong>Max. TeilnehmerInnenzahl:<\/strong> max. 30 Personen<br \/>\n<strong>Anmeldeschluss: <\/strong>10.5.2026 um 12:00 Uhr<\/p>\n<div id=\"attachment_8777\" style=\"width: 130px\" class=\"wp-caption alignnone\"><img loading=\"lazy\" decoding=\"async\" aria-describedby=\"caption-attachment-8777\" class=\"size-full wp-image-8777\" src=\"https:\/\/www.austriaguides.tirol\/wp-content\/uploads\/2024\/04\/image001.jpg\" alt=\"\" width=\"120\" height=\"144\" \/><p id=\"caption-attachment-8777\" class=\"wp-caption-text\">Bild: Hutterer Arbeitskreis<\/p><\/div>\n<div id=\"attachment_8769\" style=\"width: 310px\" class=\"wp-caption alignnone\"><img loading=\"lazy\" decoding=\"async\" aria-describedby=\"caption-attachment-8769\" class=\"size-medium wp-image-8769\" src=\"https:\/\/www.austriaguides.tirol\/wp-content\/uploads\/2024\/04\/DSC_0194-2-300x200.jpg\" alt=\"Bild: Eduard Geissler\" width=\"300\" height=\"200\" \/><p id=\"caption-attachment-8769\" class=\"wp-caption-text\">Bild: Karola Czernohaus<\/p><\/div>\n<p>Beitragsbild: Eduard Geissler<\/p>\n<p>[\/et_pb_text][\/et_pb_column][\/et_pb_row][\/et_pb_section]<\/p>\n","protected":false},"excerpt":{"rendered":"<p>[et_pb_section fb_built=&#8221;1&#8243; admin_label=&#8221;section&#8221; _builder_version=&#8221;4.16&#8243; global_colors_info=&#8221;{}&#8221;][et_pb_row admin_label=&#8221;row&#8221; _builder_version=&#8221;4.19.5&#8243; background_size=&#8221;initial&#8221; background_position=&#8221;top_left&#8221; background_repeat=&#8221;repeat&#8221; width=&#8221;100%&#8221; global_colors_info=&#8221;{}&#8221;][et_pb_column type=&#8221;4_4&#8243; _builder_version=&#8221;4.16&#8243; custom_padding=&#8221;|||&#8221; global_colors_info=&#8221;{}&#8221; custom_padding__hover=&#8221;|||&#8221;][et_pb_text admin_label=&#8221;Text&#8221; _builder_version=&#8221;4.19.5&#8243; background_size=&#8221;initial&#8221; background_position=&#8221;top_left&#8221; background_repeat=&#8221;repeat&#8221; hover_enabled=&#8221;0&#8243; global_colors_info=&#8221;{}&#8221; sticky_enabled=&#8221;0&#8243;] Der letzte Weg Jakob Huters [&hellip;]<\/p>\n","protected":false},"author":1328,"featured_media":8773,"template":"","meta":{"_et_pb_use_builder":"","_et_pb_old_content":"","_et_gb_content_width":"","_tribe_events_status":"","_tribe_events_status_reason":"","_tribe_events_is_hybrid":"","_tribe_events_is_virtual":"","_tribe_events_virtual_video_source":"","_tribe_events_virtual_embed_video":"","_tribe_events_virtual_linked_button_text":"","_tribe_events_virtual_linked_button":"","_tribe_events_virtual_show_embed_at":"","_tribe_events_virtual_show_embed_to":[],"_tribe_events_virtual_show_on_event":"","_tribe_events_virtual_show_on_views":"","_tribe_events_virtual_url":"","footnotes":""},"tags":[],"tribe_events_cat":[42],"class_list":["post-10142","tribe_events","type-tribe_events","status-publish","has-post-thumbnail","hentry","tribe_events_cat-intern","cat_intern"],"_links":{"self":[{"href":"https:\/\/www.austriaguides.tirol\/en\/wp-json\/wp\/v2\/tribe_events\/10142","targetHints":{"allow":["GET"]}}],"collection":[{"href":"https:\/\/www.austriaguides.tirol\/en\/wp-json\/wp\/v2\/tribe_events"}],"about":[{"href":"https:\/\/www.austriaguides.tirol\/en\/wp-json\/wp\/v2\/types\/tribe_events"}],"author":[{"embeddable":true,"href":"https:\/\/www.austriaguides.tirol\/en\/wp-json\/wp\/v2\/users\/1328"}],"version-history":[{"count":0,"href":"https:\/\/www.austriaguides.tirol\/en\/wp-json\/wp\/v2\/tribe_events\/10142\/revisions"}],"wp:featuredmedia":[{"embeddable":true,"href":"https:\/\/www.austriaguides.tirol\/en\/wp-json\/wp\/v2\/media\/8773"}],"wp:attachment":[{"href":"https:\/\/www.austriaguides.tirol\/en\/wp-json\/wp\/v2\/media?parent=10142"}],"wp:term":[{"taxonomy":"post_tag","embeddable":true,"href":"https:\/\/www.austriaguides.tirol\/en\/wp-json\/wp\/v2\/tags?post=10142"},{"taxonomy":"tribe_events_cat","embeddable":true,"href":"https:\/\/www.austriaguides.tirol\/en\/wp-json\/wp\/v2\/tribe_events_cat?post=10142"}],"curies":[{"name":"wp","href":"https:\/\/api.w.org\/{rel}","templated":true}]}}